{"id":18103,"date":"2019-10-09T16:28:49","date_gmt":"2019-10-09T19:28:49","guid":{"rendered":"https:\/\/coregroup.com.br\/pt-br\/?page_id=18103"},"modified":"2025-08-26T11:39:02","modified_gmt":"2025-08-26T14:39:02","slug":"equipe-core-group","status":"publish","type":"page","link":"https:\/\/coregroup.com.br\/pt-br\/equipe-core-group\/","title":{"rendered":"Principais Executivos"},"content":{"rendered":"<div id=\"dslc-theme-content\"><div id=\"dslc-theme-content-inner\"><div id=\"dslc-main\">\n<div  class=\"dslc-modules-section\" style=\"margin-left:3%;margin-right:3%;padding-bottom:26px;padding-top:26px;background-position:center center;\" data-section-id=\"6afb26037f3\">\n<div class=\"dslc-modules-section-wrapper dslc-clearfix\">\n<style type=\"text\/css\" id=\"dslca-modules-area-\"><\/style>\n<div  class=\"dslc-modules-area dslc-col dslc-12-col dslc-last-col dslc-valign-\" data-size=\"12\" data-valign=\"\" data-modules-area-id=\"\" >\n<div id=\"dslc-module-143a21f8f78\" class=\"dslc-module-front dslc-module-DSLC_Text_Simple dslc-in-viewport-check dslc-in-viewport-anim-none  dslc-col dslc-12-col dslc-last-col  dslc-module-handle-like-regular\" data-module-id=\"143a21f8f78\" data-module=\"DSLC_Text_Simple\" data-dslc-module-size=\"12\" data-dslc-anim=\"none\" data-dslc-anim-delay=\"\" data-dslc-anim-duration=\"650\"  data-dslc-anim-easing=\"ease\" data-dslc-preset=\"none\" >\n<div class=\"dslc-text-module-content\">\n<h2 style=\"text-align: center;\"><strong>PRINCIPAIS EXECUTIVOS<\/strong><\/h2>\n<\/p><\/div>\n<\/p><\/div>\n<p><!-- .dslc-module -->\n\t\t<\/div>\n<\/div>\n<\/div>\n<div  class=\"dslc-modules-section\" style=\"margin-bottom:100px;padding-bottom:2px;padding-top:2px;\" data-section-id=\"6afb26037f3\">\n<div class=\"dslc-modules-section-wrapper dslc-clearfix\">\n<style type=\"text\/css\" id=\"dslca-modules-area-\"><\/style>\n<div  class=\"dslc-modules-area dslc-col dslc-12-col dslc-last-col dslc-valign-\" data-size=\"12\" data-valign=\"\" data-modules-area-id=\"\" >\n<div id=\"dslc-module-f920468b8a4\" class=\"dslc-module-front dslc-module-DSLC_Staff dslc-in-viewport-check dslc-in-viewport-anim-none  dslc-col dslc-12-col dslc-last-col  dslc-module-handle-like-regular\" data-module-id=\"f920468b8a4\" data-module=\"DSLC_Staff\" data-dslc-module-size=\"12\" data-dslc-anim=\"none\" data-dslc-anim-delay=\"\" data-dslc-anim-duration=\"650\"  data-dslc-anim-easing=\"ease\" data-dslc-preset=\"none\" >\n\t\t<div class=\"dslc-module-heading\">\n\n\t\t\t<!-- Heading -->\n\n\t\t\t\n\t\t\t\t\t<div class=\"dslc-post-heading\">\n\n\t\t\t\t\t\t<h2 class=\"dslca-editable-content\" data-id=\"main_heading_title\" data-type=\"simple\"  ><\/h2>\n\n\t\t\t\t\t\t<!-- View all -->\n\n\t\t\t\t\t\t\n\t\t\t\t\t\t\t<span class=\"dslc-module-heading-view-all\"><a href=\"#\" class=\"dslca-editable-content\" data-id=\"main_heading_link_title\" data-type=\"simple\"  ><\/a><\/span>\n\n\t\t\t\t\t\t\n\t\t\t\t\t<\/div>\n\n\t\t\t\t\t\n\t\t\t<!-- Filters -->\n\n\t\t\t\n\t\t\t\t<!-- Carousel -->\n\n\t\t\t\t\n\t\t\t\t<\/div><!-- .dslc-module-heading -->\n\t\t\t<div class=\"dslc-posts dslc-staff dslc-clearfix dslc-init-carousel\">\n\t\t\t\n\t\t\t\n\t\t<div class=\"dslc-posts-inner\"><div class=\"dslc-loader\"><\/div><div class=\"dslc-carousel\" data-stop-on-hover=\"false\" data-autoplay=\"\" data-columns=\"3\" data-pagination=\"true\" data-slide-speed=\"200\" data-pagination-speed=\"800\">\n\t<div class=\"dslc-post dslc-staff-member dslc-carousel-item dslc-col dslc-4-col  dslc-first-col\" data-cats=\"diretoria \">\n\n\t\n\t\t\t\t\t\t\t\t\n\t\t\t\t\t\t\t\t\n\t\t\t\t\t\t\t\t\t<div class=\"dslc-post-thumb dslc-staff-member-thumb dslc-on-hover-anim\">\n\n\t\t\t\t\t\t\t\t\t\t<div class=\"dslc-staff-member-thumb-inner dslca-post-thumb\">\n\t\t\t\t\t\t\t\t\t\t\t\t\t\t\t\t\t\t\t\t\t\t\t\t\t\t\t\t\t\t\t\t\t\t\t\t<a href=\"https:\/\/coregroup.com.br\/pt-br\/ver-equipe\/cicero-vieira\/\"><img width=\"370\" height=\"500\" src=\"https:\/\/coregroup.com.br\/pt-br\/wp-content\/uploads\/2019\/04\/cicero-1.jpg\" class=\"attachment-full size-full wp-post-image\" alt=\"\" decoding=\"async\" title=\"cicero-1\" srcset=\"https:\/\/coregroup.com.br\/pt-br\/wp-content\/uploads\/2019\/04\/cicero-1.jpg 370w,   https:\/\/coregroup.com.br\/pt-br\/wp-content\/uploads\/2019\/04\/cicero-1-222x300.jpg 222w\" sizes=\"(max-width: 370px) 100vw, 370px\" \/><\/a>\n\t\t\t\t\t\t\t\t\t\t\t\t\t\t\t\t\t\t\t\t\t\t\t\t\t\t\t\t\t\t\t\t\t<\/div>\n\n\t\t\t\t\t\t\t\t\t\t\n\t\t\t\t\t\t\t\t\t<\/div><!-- .dslc-staff-member-thumb -->\n\n\t\t\t\t\t\t\t\t\n\t\t\t\t\t\t\t\n\t\t\t\t\t\t\t\n\t\t\t\t\t\t\t\t\n\t\t\t\t\t\t\t\t\t<div class=\"dslc-staff-member-social\">\n\n\t\t\t\t\t\t\t\t\t\t\n\t\t\t\t\t\t\t\t\t\t\n\t\t\t\t\t\t\t\t\t\t\n\t\t\t\t\t\t\t\t\t\t\n\t\t\t\t\t\t\t\t\t\t\t\t\t\t\t\t\t\t\t\t\t<a target=\"_blank\" href=\"https:\/\/www.linkedin.com\/in\/c%C3%ADcero-vieira-b91a7716\/\" rel=\"noopener\"><span class=\"dslc-icon dslc-icon-linkedin\"><\/span><\/a>\n\t\t\t\t\t\t\t\t\t\t\n\t\t\t\t\t\t\t\t\t\t\t\t\t\t\t\t\t\t\t\t\t<a target=\"_blank\" href=\"mailto:cicero@coregroup.com.br\"><span class=\"dslc-icon dslc-icon-envelope\"><\/span><\/a>\n\t\t\t\t\t\t\t\t\t\t\n\t\t\t\t\t\t\t\t\t<\/div><!-- .dslc-staff-member-social -->\n\n\t\t\t\t\t\t\t\t\n\t\t\t\t\t\t\t\n\t\t\t\t\t\t\t\n\t\t\t\t\t\t\t\t<div class=\"dslc-staff-member-main\">\n\n\t\t\t\t\t\t\t\t\t\n\t\t\t\t\t\t\t\t\t\n\t\t\t\t\t\t\t\t\t\t<div class=\"dslc-staff-member-title\">\n\t\t\t\t\t\t\t\t\t\t\t\t\t\t\t\t\t\t\t\t\t\t\t<h2><a href=\"https:\/\/coregroup.com.br\/pt-br\/ver-equipe\/cicero-vieira\/\">C\u00cdCERO VIEIRA<\/a><\/h2>\n\t\t\t\t\t\t\t\t\t\t\t\t\t\t\t\t\t\t\t\t\t<\/div><!-- .dslc-staff-member-title -->\n\n\t\t\t\t\t\t\t\t\t\n\t\t\t\t\t\t\t\t\t\n\t\t\t\t\t\t\t\t\t\t<div class=\"dslc-staff-member-position\">\n\t\t\t\t\t\t\t\t\t\t\tCEO e Fundador\t\t\t\t\t\t\t\t\t\t<\/div><!-- .dslc-staff-member-position -->\n\n\t\t\t\t\t\t\t\t\t\n\t\t\t\t\t\t\t\t\t\n\t\t\t\t\t\t\t\t\t\t<div class=\"dslc-staff-member-excerpt\">\n\t\t\t\t\t\t\t\t\t\t\t\t\t\t\t\t\t\t\t\t\t\t\tJornalista com 30 anos de experi\u00eancia em TV, campanha pol\u00edtica, biografias empresariais, livros comemorativos, publica\u00e7\u00f5es pr\u00f3prias, marketing off e digital e comunica\u00e7\u00e3o corporativa para entidades setoriais e neg\u00f3cios dos segmentos de TI, Varejo, Log\u00edstica, Ind\u00fastria, Sa\u00fade, Contabilidade etc.\t\t\t\t\t\t\t\t\t\t\t\t\t\t\t\t\t\t\t\t\t<\/div><!-- .dslc-staff-member-excerpt -->\n\n\t\t\t\t\t\t\t\t\t\n\t\t\t\t\t\t\t\t<\/div><!-- .dslc-staff-member-main -->\n\n\t\t\t\t\t\t\t\n\t\t\t\t\t\t<\/div><!-- .dslc-staff-member -->\n\n\t\t\t\t\t\t\n\t<div class=\"dslc-post dslc-staff-member dslc-carousel-item dslc-col dslc-4-col\" data-cats=\"diretoria \">\n\n\t\n\t\t\t\t\t\t\t\t\n\t\t\t\t\t\t\t\t\n\t\t\t\t\t\t\t\t\t<div class=\"dslc-post-thumb dslc-staff-member-thumb dslc-on-hover-anim\">\n\n\t\t\t\t\t\t\t\t\t\t<div class=\"dslc-staff-member-thumb-inner dslca-post-thumb\">\n\t\t\t\t\t\t\t\t\t\t\t\t\t\t\t\t\t\t\t\t\t\t\t\t\t\t\t\t\t\t\t\t\t\t\t\t<a href=\"https:\/\/coregroup.com.br\/pt-br\/ver-equipe\/sandra-takata\/\"><img width=\"370\" height=\"500\" src=\"https:\/\/coregroup.com.br\/pt-br\/wp-content\/uploads\/2019\/04\/sandra.jpg\" class=\"attachment-full size-full wp-post-image\" alt=\"SandraTakata Ag\u00eanciaCoreGroup DiretoradeAtendimento\" decoding=\"async\" title=\"Sandra Takata \u2013 Ag\u00eancia Core Group \u2013 Diretora de Atendimento\" srcset=\"https:\/\/coregroup.com.br\/pt-br\/wp-content\/uploads\/2019\/04\/sandra.jpg 370w,   https:\/\/coregroup.com.br\/pt-br\/wp-content\/uploads\/2019\/04\/sandra-222x300.jpg 222w\" sizes=\"(max-width: 370px) 100vw, 370px\" \/><\/a>\n\t\t\t\t\t\t\t\t\t\t\t\t\t\t\t\t\t\t\t\t\t\t\t\t\t\t\t\t\t\t\t\t\t<\/div>\n\n\t\t\t\t\t\t\t\t\t\t\n\t\t\t\t\t\t\t\t\t<\/div><!-- .dslc-staff-member-thumb -->\n\n\t\t\t\t\t\t\t\t\n\t\t\t\t\t\t\t\n\t\t\t\t\t\t\t\n\t\t\t\t\t\t\t\t\n\t\t\t\t\t\t\t\t\t<div class=\"dslc-staff-member-social\">\n\n\t\t\t\t\t\t\t\t\t\t\n\t\t\t\t\t\t\t\t\t\t\n\t\t\t\t\t\t\t\t\t\t\n\t\t\t\t\t\t\t\t\t\t\n\t\t\t\t\t\t\t\t\t\t\t\t\t\t\t\t\t\t\t\t\t<a target=\"_blank\" href=\"https:\/\/www.linkedin.com\/in\/sandra-takata-00591b\/\" rel=\"noopener\"><span class=\"dslc-icon dslc-icon-linkedin\"><\/span><\/a>\n\t\t\t\t\t\t\t\t\t\t\n\t\t\t\t\t\t\t\t\t\t\t\t\t\t\t\t\t\t\t\t\t<a target=\"_blank\" href=\"mailto:sandra@coregroup.com.br\"><span class=\"dslc-icon dslc-icon-envelope\"><\/span><\/a>\n\t\t\t\t\t\t\t\t\t\t\n\t\t\t\t\t\t\t\t\t<\/div><!-- .dslc-staff-member-social -->\n\n\t\t\t\t\t\t\t\t\n\t\t\t\t\t\t\t\n\t\t\t\t\t\t\t\n\t\t\t\t\t\t\t\t<div class=\"dslc-staff-member-main\">\n\n\t\t\t\t\t\t\t\t\t\n\t\t\t\t\t\t\t\t\t\n\t\t\t\t\t\t\t\t\t\t<div class=\"dslc-staff-member-title\">\n\t\t\t\t\t\t\t\t\t\t\t\t\t\t\t\t\t\t\t\t\t\t\t<h2><a href=\"https:\/\/coregroup.com.br\/pt-br\/ver-equipe\/sandra-takata\/\">SANDRA TAKATA<\/a><\/h2>\n\t\t\t\t\t\t\t\t\t\t\t\t\t\t\t\t\t\t\t\t\t<\/div><!-- .dslc-staff-member-title -->\n\n\t\t\t\t\t\t\t\t\t\n\t\t\t\t\t\t\t\t\t\n\t\t\t\t\t\t\t\t\t\t<div class=\"dslc-staff-member-position\">\n\t\t\t\t\t\t\t\t\t\t\tDiretora de Atendimento\t\t\t\t\t\t\t\t\t\t<\/div><!-- .dslc-staff-member-position -->\n\n\t\t\t\t\t\t\t\t\t\n\t\t\t\t\t\t\t\t\t\n\t\t\t\t\t\t\t\t\t\t<div class=\"dslc-staff-member-excerpt\">\n\t\t\t\t\t\t\t\t\t\t\t\t\t\t\t\t\t\t\t\t\t\t\tCom quase 30 anos de trabalho em comunica\u00e7\u00e3o, \u00e9 jornalista formada pela Universidade Metodista e especialista em Assessoria de Imprensa e Marketing Digital. Foi editora do International Press Japan (Globo Internacional) e \u00e9 vice-presidente do Comit\u00ea Executivo do Instituto Mulheres do Varejo (MDV).\t\t\t\t\t\t\t\t\t\t\t\t\t\t\t\t\t\t\t\t\t<\/div><!-- .dslc-staff-member-excerpt -->\n\n\t\t\t\t\t\t\t\t\t\n\t\t\t\t\t\t\t\t<\/div><!-- .dslc-staff-member-main -->\n\n\t\t\t\t\t\t\t\n\t\t\t\t\t\t<\/div><!-- .dslc-staff-member -->\n\n\t\t\t\t\t\t\n\t<div class=\"dslc-post dslc-staff-member dslc-carousel-item dslc-col dslc-4-col  dslc-last-col\" data-cats=\"diretoria \">\n\n\t\n\t\t\t\t\t\t\t\t\n\t\t\t\t\t\t\t\t\n\t\t\t\t\t\t\t\t\t<div class=\"dslc-post-thumb dslc-staff-member-thumb dslc-on-hover-anim\">\n\n\t\t\t\t\t\t\t\t\t\t<div class=\"dslc-staff-member-thumb-inner dslca-post-thumb\">\n\t\t\t\t\t\t\t\t\t\t\t\t\t\t\t\t\t\t\t\t\t\t\t\t\t\t\t\t\t\t\t\t\t\t\t\t<a href=\"https:\/\/coregroup.com.br\/pt-br\/ver-equipe\/helder-horikawa\/\"><img width=\"370\" height=\"500\" src=\"https:\/\/coregroup.com.br\/pt-br\/wp-content\/uploads\/2019\/04\/Helder.jpg\" class=\"attachment-full size-full wp-post-image\" alt=\"HELDERHORIKAWA Ag\u00eanciaCoreGroup AssessoriadeImprensa\" decoding=\"async\" title=\"HELDER HORIKAWA \u2013 Ag\u00eancia Core Group \u2013 Assessoria de Imprensa\" srcset=\"https:\/\/coregroup.com.br\/pt-br\/wp-content\/uploads\/2019\/04\/Helder.jpg 370w,   https:\/\/coregroup.com.br\/pt-br\/wp-content\/uploads\/2019\/04\/Helder-222x300.jpg 222w\" sizes=\"(max-width: 370px) 100vw, 370px\" \/><\/a>\n\t\t\t\t\t\t\t\t\t\t\t\t\t\t\t\t\t\t\t\t\t\t\t\t\t\t\t\t\t\t\t\t\t<\/div>\n\n\t\t\t\t\t\t\t\t\t\t\n\t\t\t\t\t\t\t\t\t<\/div><!-- .dslc-staff-member-thumb -->\n\n\t\t\t\t\t\t\t\t\n\t\t\t\t\t\t\t\n\t\t\t\t\t\t\t\n\t\t\t\t\t\t\t\t\n\t\t\t\t\t\t\t\t\t<div class=\"dslc-staff-member-social\">\n\n\t\t\t\t\t\t\t\t\t\t\n\t\t\t\t\t\t\t\t\t\t\n\t\t\t\t\t\t\t\t\t\t\n\t\t\t\t\t\t\t\t\t\t\n\t\t\t\t\t\t\t\t\t\t\t\t\t\t\t\t\t\t\t\t\t<a target=\"_blank\" href=\"https:\/\/www.linkedin.com\/in\/helder-horikawa-17a2b823\/\" rel=\"noopener\"><span class=\"dslc-icon dslc-icon-linkedin\"><\/span><\/a>\n\t\t\t\t\t\t\t\t\t\t\n\t\t\t\t\t\t\t\t\t\t\t\t\t\t\t\t\t\t\t\t\t<a target=\"_blank\" href=\"mailto:helder@coregroup.com.br\"><span class=\"dslc-icon dslc-icon-envelope\"><\/span><\/a>\n\t\t\t\t\t\t\t\t\t\t\n\t\t\t\t\t\t\t\t\t<\/div><!-- .dslc-staff-member-social -->\n\n\t\t\t\t\t\t\t\t\n\t\t\t\t\t\t\t\n\t\t\t\t\t\t\t\n\t\t\t\t\t\t\t\t<div class=\"dslc-staff-member-main\">\n\n\t\t\t\t\t\t\t\t\t\n\t\t\t\t\t\t\t\t\t\n\t\t\t\t\t\t\t\t\t\t<div class=\"dslc-staff-member-title\">\n\t\t\t\t\t\t\t\t\t\t\t\t\t\t\t\t\t\t\t\t\t\t\t<h2><a href=\"https:\/\/coregroup.com.br\/pt-br\/ver-equipe\/helder-horikawa\/\">HELDER HORIKAWA<\/a><\/h2>\n\t\t\t\t\t\t\t\t\t\t\t\t\t\t\t\t\t\t\t\t\t<\/div><!-- .dslc-staff-member-title -->\n\n\t\t\t\t\t\t\t\t\t\n\t\t\t\t\t\t\t\t\t\n\t\t\t\t\t\t\t\t\t\t<div class=\"dslc-staff-member-position\">\n\t\t\t\t\t\t\t\t\t\t\tCoordenador de Reda\u00e7\u00e3o\t\t\t\t\t\t\t\t\t\t<\/div><!-- .dslc-staff-member-position -->\n\n\t\t\t\t\t\t\t\t\t\n\t\t\t\t\t\t\t\t\t\n\t\t\t\t\t\t\t\t\t\t<div class=\"dslc-staff-member-excerpt\">\n\t\t\t\t\t\t\t\t\t\t\t\t\t\t\t\t\t\t\t\t\t\t\tJornalista com mais de 20 anos de experi\u00eancia, foi editor do Jornal Nippo-Brasil e das revistas Energia e Felicidade, al\u00e9m de atuar como rep\u00f3rter especial para a Brasil \u2013 Marca de Excel\u00eancia, publica\u00e7\u00e3o do Minist\u00e9rio das Rela\u00e7\u00f5es Exteriores e freelancer para o Estad\u00e3o e Lance!. \u00c9 co-autor de livros, como Brasil do Sol Nascente e Beisebol \u2013 Hist\u00f3rias de Uma Paix\u00e3o.\t\t\t\t\t\t\t\t\t\t\t\t\t\t\t\t\t\t\t\t\t<\/div><!-- .dslc-staff-member-excerpt -->\n\n\t\t\t\t\t\t\t\t\t\n\t\t\t\t\t\t\t\t<\/div><!-- .dslc-staff-member-main -->\n\n\t\t\t\t\t\t\t\n\t\t\t\t\t\t<\/div><!-- .dslc-staff-member -->\n\n\t\t\t\t\t\t<\/div><\/div><!-- .dslc-posts-inner -->\n\t\t\t\n\t\t\t\n\t<\/div><\/div>\n<p><!-- .dslc-module -->\n\t\t<\/div>\n<\/div>\n<\/div>\n<\/div>\n<p><input type=\"hidden\" id=\"dslca-post-data-thumb\" value=\"https:\/\/coregroup.com.br\/pt-br\/wp-content\/uploads\/2019\/10\/191015_BannerSite_Core_Pesquisa_Infografico.png\" \/><\/p>\n<\/div><\/div>","protected":false},"excerpt":{"rendered":"<p>PRINCIPAIS EXECUTIVOS<\/p>","protected":false},"author":3,"featured_media":18286,"parent":0,"menu_order":0,"comment_status":"closed","ping_status":"closed","template":"","meta":{"footnotes":"","_joinchat":[]},"_links":{"self":[{"href":"https:\/\/coregroup.com.br\/pt-br\/wp-json\/wp\/v2\/pages\/18103"}],"collection":[{"href":"https:\/\/coregroup.com.br\/pt-br\/wp-json\/wp\/v2\/pages"}],"about":[{"href":"https:\/\/coregroup.com.br\/pt-br\/wp-json\/wp\/v2\/types\/page"}],"author":[{"embeddable":true,"href":"https:\/\/coregroup.com.br\/pt-br\/wp-json\/wp\/v2\/users\/3"}],"replies":[{"embeddable":true,"href":"https:\/\/coregroup.com.br\/pt-br\/wp-json\/wp\/v2\/comments?post=18103"}],"version-history":[{"count":0,"href":"https:\/\/coregroup.com.br\/pt-br\/wp-json\/wp\/v2\/pages\/18103\/revisions"}],"wp:featuredmedia":[{"embeddable":true,"href":"https:\/\/coregroup.com.br\/pt-br\/wp-json\/wp\/v2\/media\/18286"}],"wp:attachment":[{"href":"https:\/\/coregroup.com.br\/pt-br\/wp-json\/wp\/v2\/media?parent=18103"}],"curies":[{"name":"wp","href":"https:\/\/api.w.org\/{rel}","templated":true}]}}